{"id":5793,"date":"2018-01-18T10:39:06","date_gmt":"2018-01-18T09:39:06","guid":{"rendered":"https:\/\/staging.seri-lugano.ch\/dipartimenti\/"},"modified":"2024-04-11T11:11:15","modified_gmt":"2024-04-11T09:11:15","slug":"eye-treatment-services","status":"publish","type":"page","link":"https:\/\/seri-lugano.ch\/en\/eye-treatment-services\/","title":{"rendered":"Departments"},"content":{"rendered":"\n[et_pb_section fb_built=&#8221;1&#8243; _builder_version=&#8221;4.17.6&#8243; _module_preset=&#8221;default&#8221; background_image=&#8221;https:\/\/seri-lugano.ch\/wp-content\/uploads\/2022\/02\/dipartimenti.jpg&#8221; height=&#8221;307px&#8221; height_tablet=&#8221;307px&#8221; height_phone=&#8221;307px&#8221; height_last_edited=&#8221;on|phone&#8221; custom_padding=&#8221;3px|||||&#8221; locked=&#8221;off&#8221; global_colors_info=&#8221;{}&#8221;][\/et_pb_section][et_pb_section fb_built=&#8221;1&#8243; _builder_version=&#8221;4.17.6&#8243; _module_preset=&#8221;default&#8221; locked=&#8221;off&#8221; global_colors_info=&#8221;{}&#8221;][et_pb_row _builder_version=&#8221;4.17.6&#8243; _module_preset=&#8221;default&#8221; custom_padding=&#8221;0px||0px||true|false&#8221; global_colors_info=&#8221;{}&#8221;][et_pb_column type=&#8221;4_4&#8243; _builder_version=&#8221;4.16&#8243; _module_preset=&#8221;default&#8221; global_colors_info=&#8221;{}&#8221;][et_pb_text _builder_version=&#8221;4.18.0&#8243; _module_preset=&#8221;default&#8221; text_text_color=&#8221;RGBA(255,255,255,0)&#8221; text_font_size=&#8221;40px&#8221; text_line_height=&#8221;1em&#8221; header_font=&#8221;|700|||||||&#8221; header_text_color=&#8221;#FFFFFF&#8221; header_font_size=&#8221;43px&#8221; background_color=&#8221;RGBA(255,255,255,0)&#8221; custom_margin=&#8221;||50px||false|false&#8221; custom_padding=&#8221;|0px||0px|false|true&#8221; hover_enabled=&#8221;0&#8243; header_font_size_tablet=&#8221;43px&#8221; header_font_size_phone=&#8221;35px&#8221; border_radii=&#8221;off|18px||18px|&#8221; border_color_all=&#8221;#DD2E2E&#8221; global_colors_info=&#8221;{}&#8221; sticky_enabled=&#8221;0&#8243; custom_margin_phone=&#8221;|5%|2%|5%|false|true&#8221;]<h1 style=\"text-align: center;\"><light style=\"text-align: center; color: #2c4e63 !important;\">DEPARTMENTS<\/light><\/h1>[\/et_pb_text][et_pb_text _builder_version=&#8221;4.18.0&#8243; _module_preset=&#8221;default&#8221; header_3_font_size=&#8221;18px&#8221; custom_margin=&#8221;||2%||false|false&#8221; hover_enabled=&#8221;0&#8243; header_3_font_size_tablet=&#8221;19px&#8221; header_3_font_size_phone=&#8221;19px&#8221; header_3_font_size_last_edited=&#8221;on|phone&#8221; locked=&#8221;off&#8221; global_colors_info=&#8221;{}&#8221; sticky_enabled=&#8221;0&#8243; custom_margin_phone=&#8221;|0%|0px|0%|false|true&#8221;]<p style=\"text-align: justify;\">From visual impairments to corneal diseases, from problems affecting the retina to strabismus in children, the Switzerland Eye Research Institute has been designed and organized in such a way that it can provide in-depth advice and consistently non-invasive treatments under the scientific leadership of Dr. Pinelli, who is flanked by a team of professional experts from multiple fields.<\/p>[\/et_pb_text][\/et_pb_column][\/et_pb_row][et_pb_row column_structure=&#8221;1_4,1_4,1_4,1_4&#8243; make_equal=&#8221;on&#8221; _builder_version=&#8221;4.17.6&#8243; _module_preset=&#8221;default&#8221; custom_margin=&#8221;||||false|false&#8221; custom_padding=&#8221;||0px||false|false&#8221; locked=&#8221;off&#8221; global_colors_info=&#8221;{}&#8221;][et_pb_column type=&#8221;1_4&#8243; _builder_version=&#8221;4.17.6&#8243; _module_preset=&#8221;default&#8221; background_color=&#8221;RGBA(255,255,255,0)&#8221; custom_padding=&#8221;||||false|false&#8221; custom_css_main_element=&#8221;display:flex;||flex-direction: column;&#8221; border_radii=&#8221;on|5px|5px|5px|5px&#8221; border_width_all=&#8221;2px&#8221; border_color_all=&#8221;#dd2e2e&#8221; box_shadow_style=&#8221;preset3&#8243; box_shadow_vertical=&#8221;6px&#8221; box_shadow_blur=&#8221;13px&#8221; box_shadow_spread=&#8221;-2px&#8221; box_shadow_color=&#8221;rgba(0,0,0,0.33)&#8221; global_colors_info=&#8221;{}&#8221;][et_pb_text _builder_version=&#8221;4.18.0&#8243; _module_preset=&#8221;default&#8221; text_font=&#8221;|300|||||||&#8221; header_3_font_size=&#8221;18px&#8221; custom_margin=&#8221;auto||auto||false|false&#8221; hover_enabled=&#8221;0&#8243; header_3_font_size_tablet=&#8221;19px&#8221; header_3_font_size_phone=&#8221;19px&#8221; header_3_font_size_last_edited=&#8221;on|phone&#8221; global_colors_info=&#8221;{}&#8221; custom_margin_phone=&#8221;3%|5%|0%|5%|false|true&#8221; sticky_enabled=&#8221;0&#8243;]<h3 style=\"text-align: center;\"><span style=\"color: #dd2e2e;\"> <light>RETINAL TREATMENTS<\/light><\/span><\/h3>[\/et_pb_text][\/et_pb_column][et_pb_column type=&#8221;1_4&#8243; _builder_version=&#8221;4.17.6&#8243; _module_preset=&#8221;default&#8221; background_color=&#8221;RGBA(255,255,255,0)&#8221; custom_padding=&#8221;10px|10px|10px|10px|false|false&#8221; border_radii=&#8221;on|5px|5px|5px|5px&#8221; border_width_all=&#8221;2px&#8221; border_color_all=&#8221;#dd2e2e&#8221; box_shadow_style=&#8221;preset3&#8243; box_shadow_vertical=&#8221;6px&#8221; box_shadow_blur=&#8221;13px&#8221; box_shadow_spread=&#8221;-2px&#8221; box_shadow_color=&#8221;rgba(0,0,0,0.33)&#8221; global_colors_info=&#8221;{}&#8221;][et_pb_text _builder_version=&#8221;4.17.6&#8243; _module_preset=&#8221;default&#8221; header_3_font_size=&#8221;18px&#8221; custom_margin=&#8221;auto||auto||false|false&#8221; header_3_font_size_tablet=&#8221;19px&#8221; header_3_font_size_phone=&#8221;19px&#8221; header_3_font_size_last_edited=&#8221;on|phone&#8221; global_colors_info=&#8221;{}&#8221;]<h3 style=\"text-align: center;\"><span style=\"color: #dd2e2e;\"><light>CORNEAL TREATMENTS<\/light><\/span><\/h3>[\/et_pb_text][\/et_pb_column][et_pb_column type=&#8221;1_4&#8243; _builder_version=&#8221;4.17.6&#8243; _module_preset=&#8221;default&#8221; background_color=&#8221;RGBA(255,255,255,0)&#8221; custom_padding=&#8221;10px|10px|10px|10px|false|false&#8221; border_radii=&#8221;on|5px|5px|5px|5px&#8221; border_width_all=&#8221;2px&#8221; border_color_all=&#8221;#dd2e2e&#8221; box_shadow_style=&#8221;preset3&#8243; box_shadow_vertical=&#8221;6px&#8221; box_shadow_blur=&#8221;13px&#8221; box_shadow_spread=&#8221;-2px&#8221; box_shadow_color=&#8221;rgba(0,0,0,0.33)&#8221; global_colors_info=&#8221;{}&#8221;][et_pb_text _builder_version=&#8221;4.17.6&#8243; _module_preset=&#8221;default&#8221; header_3_font_size=&#8221;18px&#8221; custom_margin=&#8221;auto||auto||false|false&#8221; header_3_font_size_tablet=&#8221;19px&#8221; header_3_font_size_phone=&#8221;19px&#8221; header_3_font_size_last_edited=&#8221;on|phone&#8221; global_colors_info=&#8221;{}&#8221;]<h3 style=\"text-align: center;\"><span style=\"color: #dd2e2e;\"> <light>OPTICS<\/light><\/span><\/h3>[\/et_pb_text][\/et_pb_column][et_pb_column type=&#8221;1_4&#8243; _builder_version=&#8221;4.17.6&#8243; _module_preset=&#8221;default&#8221; background_color=&#8221;RGBA(255,255,255,0)&#8221; custom_padding=&#8221;10px|10px|10px|10px|false|false&#8221; border_radii=&#8221;on|5px|5px|5px|5px&#8221; border_width_all=&#8221;2px&#8221; border_color_all=&#8221;#dd2e2e&#8221; box_shadow_style=&#8221;preset3&#8243; box_shadow_vertical=&#8221;6px&#8221; box_shadow_blur=&#8221;13px&#8221; box_shadow_spread=&#8221;-2px&#8221; box_shadow_color=&#8221;rgba(0,0,0,0.33)&#8221; global_colors_info=&#8221;{}&#8221;][et_pb_text _builder_version=&#8221;4.17.6&#8243; _module_preset=&#8221;default&#8221; header_3_font_size=&#8221;18px&#8221; custom_margin=&#8221;auto||auto||false|false&#8221; header_3_font_size_tablet=&#8221;19px&#8221; header_3_font_size_phone=&#8221;19px&#8221; header_3_font_size_last_edited=&#8221;on|phone&#8221; border_color_all=&#8221;#dd2e2e&#8221; global_colors_info=&#8221;{}&#8221;]<h3 style=\"text-align: center;\"><span style=\"color: #dd2e2e;\"><light>ORTHOPTICS<\/light><\/span><\/h3>[\/et_pb_text][\/et_pb_column][\/et_pb_row][et_pb_row column_structure=&#8221;1_3,1_3,1_3&#8243; make_equal=&#8221;on&#8221; _builder_version=&#8221;4.17.6&#8243; _module_preset=&#8221;default&#8221; custom_margin=&#8221;||||false|false&#8221; custom_padding=&#8221;||0px||false|false&#8221; locked=&#8221;off&#8221; global_colors_info=&#8221;{}&#8221;][et_pb_column type=&#8221;1_3&#8243; _builder_version=&#8221;4.17.6&#8243; _module_preset=&#8221;default&#8221; background_color=&#8221;RGBA(255,255,255,0)&#8221; custom_padding=&#8221;10px|10px|10px|10px|false|false&#8221; border_radii=&#8221;on|5px|5px|5px|5px&#8221; border_width_all=&#8221;2px&#8221; border_color_all=&#8221;#DD2E2E&#8221; box_shadow_style=&#8221;preset3&#8243; box_shadow_vertical=&#8221;6px&#8221; box_shadow_blur=&#8221;13px&#8221; box_shadow_spread=&#8221;-2px&#8221; box_shadow_color=&#8221;rgba(0,0,0,0.33)&#8221; global_colors_info=&#8221;{}&#8221;][et_pb_text _builder_version=&#8221;4.17.6&#8243; _module_preset=&#8221;default&#8221; header_3_font=&#8221;|||on|||||&#8221; header_3_font_size=&#8221;18px&#8221; custom_margin=&#8221;auto||auto||false|false&#8221; header_3_font_size_tablet=&#8221;19px&#8221; header_3_font_size_phone=&#8221;19px&#8221; header_3_font_size_last_edited=&#8221;on|phone&#8221; global_colors_info=&#8221;{}&#8221;]<h3 style=\"text-align: center;\"><span style=\"color: #dd2e2e;\"><light>PEDIATRIC OPHTHALMOLOGY<\/light><\/span><\/h3>[\/et_pb_text][\/et_pb_column][et_pb_column type=&#8221;1_3&#8243; _builder_version=&#8221;4.17.6&#8243; _module_preset=&#8221;default&#8221; background_color=&#8221;RGBA(255,255,255,0)&#8221; custom_padding=&#8221;10px|10px|10px|10px|false|false&#8221; border_radii=&#8221;on|5px|5px|5px|5px&#8221; border_width_all=&#8221;2px&#8221; border_color_all=&#8221;#dd2e2e&#8221; box_shadow_style=&#8221;preset1&#8243; box_shadow_horizontal=&#8221;6px&#8221; box_shadow_vertical=&#8221;13px&#8221; box_shadow_spread=&#8221;-2px&#8221; box_shadow_color=&#8221;rgba(0,0,0,0.33)&#8221; global_colors_info=&#8221;{}&#8221;][et_pb_text _builder_version=&#8221;4.17.6&#8243; _module_preset=&#8221;default&#8221; text_text_color=&#8221;#dd2e2e&#8221; header_3_font=&#8221;|||on|||||&#8221; header_3_text_color=&#8221;RGBA(255,255,255,0)&#8221; header_3_font_size=&#8221;18px&#8221; custom_margin=&#8221;auto||auto||false|false&#8221; header_3_font_size_tablet=&#8221;19px&#8221; header_3_font_size_phone=&#8221;19px&#8221; header_3_font_size_last_edited=&#8221;on|phone&#8221; global_colors_info=&#8221;{}&#8221;]<h3 style=\"text-align: center;\"><span style=\"color: #dd2e2e;\"><light>PSYCHOLOGY OF VISION<\/light><\/span><\/h3>[\/et_pb_text][\/et_pb_column][et_pb_column type=&#8221;1_3&#8243; _builder_version=&#8221;4.17.6&#8243; _module_preset=&#8221;default&#8221; background_color=&#8221;RGBA(255,255,255,0)&#8221; custom_padding=&#8221;10px|10px|10px|10px|false|false&#8221; border_radii=&#8221;on|5px|5px|5px|5px&#8221; border_width_all=&#8221;2px&#8221; border_color_all=&#8221;#dd2e2e&#8221; box_shadow_style=&#8221;preset3&#8243; box_shadow_vertical=&#8221;6px&#8221; box_shadow_blur=&#8221;13px&#8221; box_shadow_spread=&#8221;-2px&#8221; box_shadow_color=&#8221;rgba(0,0,0,0.33)&#8221; global_colors_info=&#8221;{}&#8221;][et_pb_text _builder_version=&#8221;4.17.6&#8243; _module_preset=&#8221;default&#8221; header_3_font=&#8221;|||on|||||&#8221; header_3_font_size=&#8221;18px&#8221; custom_margin=&#8221;auto||auto||false|false&#8221; header_3_font_size_tablet=&#8221;19px&#8221; header_3_font_size_phone=&#8221;19px&#8221; header_3_font_size_last_edited=&#8221;on|phone&#8221; global_colors_info=&#8221;{}&#8221;]<h3 style=\"text-align: center;\"><span style=\"color: #dd2e2e;\"> <light>PATIENT CARE<\/light><\/span><\/h3>[\/et_pb_text][\/et_pb_column][\/et_pb_row][\/et_pb_section]\n","protected":false},"excerpt":{"rendered":"<p>DEPARTMENTSFrom visual impairments to corneal diseases, from problems affecting the retina to strabismus in children, the Switzerland Eye Research Institute has been designed and organized in such a way that it can provide in-depth advice and consistently non-invasive treatments under the scientific leadership of Dr. Pinelli, who is flanked by a team of professional experts [&hellip;]<\/p>\n","protected":false},"author":3,"featured_media":0,"parent":0,"menu_order":0,"comment_status":"closed","ping_status":"closed","template":"","meta":{"_et_pb_use_builder":"on","_et_pb_old_content":"<p>[mk_page_section bg_image=\"http:\/\/www.seri-lugano.ch\/wp-content\/uploads\/2017\/05\/testata-ricerca.jpg\" bg_position=\"center top\" sidebar=\"sidebar-1\"][vc_column][mk_padding_divider size=\"100\"][mk_padding_divider size=\"100\"][mk_padding_divider size=\"100\"][\/vc_column][\/mk_page_section][mk_page_section bg_color=\"#dd3333\" video_loop=\"false\" min_height=\"57\" full_width=\"true\" sidebar=\"sidebar-1\"][vc_column][vc_column_text]<\/p>\n<h2 style=\"text-align: center;\"><span style=\"color: #ffffff;\">I DIPARTIMENTI DI SERI LUGANO<\/span><\/h2>\n<p>[\/vc_column_text][\/vc_column][\/mk_page_section][vc_row][vc_column][mk_padding_divider][\/vc_column][\/vc_row][vc_row][vc_column width=\"1\/4\"][vc_single_image image=\"211\" img_size=\"full\"][vc_column_text title=\"OTTICA\"]Allo Switzerland Eye Research Institute l\u2019ottico optometrista assiste il medico oculista nello svolgimento delle consulenze oftalmologiche, effettuando alcune rilevazioni strumentali e verificando la capacit\u00e0 visiva.[\/vc_column_text][mk_button url=\"http:\/\/www.seri-lugano.ch\/ottica\/\"]Continua[\/mk_button][\/vc_column][vc_column width=\"1\/4\"][vc_single_image image=\"212\" img_size=\"full\"][vc_column_text title=\"ORTOTTICA\"]<\/p>\n<p class=\"bodytext\">L\u2019ortottista \u00e8 il professionista che in SERI Lugano affianca il medico oculista ed \u00e8 specializzato nella prevenzione, valutazione e riabilitazione ortottica dei disturbi visivi e nella esecuzione di alcuni esami strumentali.<\/p>\n<p>[\/vc_column_text][mk_button url=\"http:\/\/www.seri-lugano.ch\/ortottica\/\"]Continua[\/mk_button][\/vc_column][vc_column width=\"1\/4\"][vc_single_image image=\"213\" img_size=\"full\"][vc_column_text title=\"PSICOLOGIA DELLA VISIONE\"]<\/p>\n<p class=\"bodytext\">Allo Switzerland Eye Research Institute lo psicologo della visione affianca il team composto da oftalmologo, oftalmochirurgo, ortottista, ottico optometrista ed infermiere.<\/p>\n<p>[\/vc_column_text][mk_button url=\"http:\/\/www.seri-lugano.ch\/psicologia-della-visione\/\"]Continua[\/mk_button][\/vc_column][vc_column width=\"1\/4\"][vc_single_image image=\"214\" img_size=\"full\"][vc_column_text title=\"PATIENT CARE\"]<b class=\"\"><\/b>Il termine inglese rende bene l\u2019idea: prendersi cura di tutti i bisogni e le esigenze del paziente.\u00a0Allo Switzerland Eye Research Institute tutto lo staff condivide questa cultura istituzionale...[\/vc_column_text][mk_button url=\"http:\/\/www.seri-lugano.ch\/patient-care\/\"]Continua[\/mk_button][\/vc_column][\/vc_row][vc_row][vc_column][mk_padding_divider][\/vc_column][\/vc_row][vc_row][vc_column width=\"1\/4\"][vc_single_image image=\"218\" img_size=\"full\"][vc_column_text title=\"VITREO-RETINA E GLAUCOMA\"]Gli oculisti che in SERI Lugano si dedicano all'oftalmologia retinica si occupano dello studio, della diagnosi e della cura delle patologie che colpiscono la retina e il nervo ottico.[\/vc_column_text][mk_button url=\"http:\/\/www.seri-lugano.ch\/vitreo-retina-e-glaucoma\/\"]Continua[\/mk_button][\/vc_column]<\/p>\n<p>[vc_column width=\"1\/4\"][vc_single_image image=\"1848\" img_size=\"full\"][vc_column_text title=\"\u201cNON-CHIRURGIA`` REFRATTIVA CORNEALE\"]<\/p>\n<p class=\"bodytext\">La chirurgia refrattiva corneale \u00e8 una specifica disciplina della microchirurgia oculare, che ha l'obiettivo di modificare la superficie della cornea per porre rimedio ai difetti visivi.<\/p>\n<p>[\/vc_column_text][mk_button url=\"http:\/\/www.seri-lugano.ch\/chirurgia-refrattiva-corneale\/\"]Continua[\/mk_button][\/vc_column]<\/p>\n<p>\u00a0<\/p>\n<p>[vc_column width=\"1\/4\"][vc_single_image image=\"221\" img_size=\"full\"][vc_column_text title=\"OCULISTICA PEDIATRICA\"]<span style=\"font-size: inherit;\">Servizio di Oculistica Pediatrica di SERI Lugano \u00e8 preposto alla valutazione della capacit\u00e0 visiva e delle difficolt\u00e0 oculari dei bambini sino all'identificazione e al trattamento di eventuali patologie.[\/vc_column_text][mk_button url=\"https:\/\/www.seri-lugano.ch\/oculistica-pediatrica\/\"]Continue[\/mk_button][\/vc_column][\/vc_row][vc_row][vc_column][mk_padding_divider]<\/span><\/p>\n<p>[\/vc_column]<\/p>\n<p>[vc_row][vc_column width=\"1\/7\"][mk_button_gradient size=\"large\" grandient_color_from=\"#dd3333\" grandient_color_to=\"#dd3333\" grandient_color_fallback=\"#dd3333\" url=\"https:\/\/www.seri-lugano.ch\/fotobiomodulazione\/\" align=\"center\" fullwidth=\"true\"]Foto bio modulazione un futuro pi\u00f9 luminoso per la degenerazione maculare senile e le affezioni retiniche[\/mk_button_gradient][\/vc_column]<\/p>\n<p>[vc_column width=\"1\/7\"][mk_button_gradient size=\"large\" grandient_color_from=\"#dd3333\" grandient_color_to=\"#dd3333\" grandient_color_fallback=\"#dd3333\" url=\"http:\/\/www.seri-lugano.ch\/pinelli-presby-profile-2\/\" align=\"center\" fullwidth=\"true\"]Pinelli Presby Profile\u00ae:<br \/>la soluzione per<br \/>la presbiopia[\/mk_button_gradient][\/vc_column]<\/p>\n<p>[vc_column width=\"1\/7\"][mk_button_gradient size=\"large\" grandient_color_from=\"#dd3333\" grandient_color_to=\"#dd3333\" grandient_color_fallback=\"#dd3333\" url=\"http:\/\/www.seri-lugano.ch\/cross-linking\/\" align=\"center\" fullwidth=\"true\" margin_right=\"0\"]Crosslinking osmotico transepiteliale con Paracel\u00ae per il cheratocono[\/mk_button_gradient][\/vc_column]<\/p>\n<p>[vc_column width=\"1\/7\"][mk_button_gradient size=\"large\" grandient_color_from=\"#dd3333\" grandient_color_to=\"#dd3333\" grandient_color_fallback=\"#dd3333\" url=\"http:\/\/www.seri-lugano.ch\/asa-x-tra\/\" align=\"center\" fullwidth=\"true\"]ASA Lux\u00ae: ablazione superficiale e fotoni[\/mk_button_gradient][\/vc_column]<\/p>\n<p>[vc_column width=\"1\/7\"][mk_button_gradient size=\"large\" grandient_color_from=\"#dd3333\" grandient_color_to=\"#dd3333\" grandient_color_fallback=\"#dd3333\" url=\"http:\/\/www.seri-lugano.ch\/patologie-della-retina\/\" align=\"center\" fullwidth=\"true\"]La retina e le sue patologie: esperienza, innovazione e natura[\/mk_button_gradient][\/vc_column]<\/p>\n<p>[vc_column width=\"1\/7\"][mk_button_gradient size=\"large\" grandient_color_from=\"#dd3333\" grandient_color_to=\"#dd3333\" grandient_color_fallback=\"#dd3333\" url=\"http:\/\/www.seri-lugano.ch\/femtolasik-lux\/\" align=\"center\" fullwidth=\"true\"]Femtolasik Lux\u00ae: il trattamento non invasivo con la luce<br \/>[\/mk_button_gradient][\/vc_column]<\/p>\n<p>[\/vc_row]<\/p>\n\n<!-- wp:paragraph -->\n<p><\/p>\n<!-- \/wp:paragraph -->","_et_gb_content_width":"","inline_featured_image":false,"footnotes":""},"class_list":["post-5793","page","type-page","status-publish","hentry"],"_links":{"self":[{"href":"https:\/\/seri-lugano.ch\/en\/wp-json\/wp\/v2\/pages\/5793","targetHints":{"allow":["GET"]}}],"collection":[{"href":"https:\/\/seri-lugano.ch\/en\/wp-json\/wp\/v2\/pages"}],"about":[{"href":"https:\/\/seri-lugano.ch\/en\/wp-json\/wp\/v2\/types\/page"}],"author":[{"embeddable":true,"href":"https:\/\/seri-lugano.ch\/en\/wp-json\/wp\/v2\/users\/3"}],"replies":[{"embeddable":true,"href":"https:\/\/seri-lugano.ch\/en\/wp-json\/wp\/v2\/comments?post=5793"}],"version-history":[{"count":1,"href":"https:\/\/seri-lugano.ch\/en\/wp-json\/wp\/v2\/pages\/5793\/revisions"}],"predecessor-version":[{"id":248331,"href":"https:\/\/seri-lugano.ch\/en\/wp-json\/wp\/v2\/pages\/5793\/revisions\/248331"}],"wp:attachment":[{"href":"https:\/\/seri-lugano.ch\/en\/wp-json\/wp\/v2\/media?parent=5793"}],"curies":[{"name":"wp","href":"https:\/\/api.w.org\/{rel}","templated":true}]}}